{"id":13,"date":"2013-03-05T16:52:07","date_gmt":"2013-03-05T15:52:07","guid":{"rendered":"http:\/\/knislingefp.se\/?page_id=13"},"modified":"2021-03-23T12:07:13","modified_gmt":"2021-03-23T11:07:13","slug":"helgeafestivalen","status":"publish","type":"page","link":"https:\/\/knislingefp.se\/?page_id=13","title":{"rendered":"Time To Rock Festival"},"content":{"rendered":"<p>Kulturf\u00f6reningen F-yra i Knislinge bildades 2006 med prim\u00e4rt syfte att anordna en musikfestival.<br \/>\nEn f\u00f6rlaga var det d\u00e5 sedan l\u00e4nge nerlagda \u201dHelge\u00e5-Rock\u201d. Ett arrangemang grundat av IFK Knislinge tillsammans med P\u00e4lle Fridlund, d\u00e5 som medlem i lokala gruppen Smens Baglomma.<br \/>\n<img decoding=\"async\" loading=\"lazy\" class=\"alignnone size-full wp-image-14\" src=\"https:\/\/i0.wp.com\/knislingefp.se\/wp-content\/uploads\/2013\/03\/helgeafestivalen.jpg?resize=300%2C199&#038;ssl=1\" alt=\"helgeafestivalen\" width=\"300\" height=\"199\" data-recalc-dims=\"1\" \/><br \/>\nI syfte att anv\u00e4nda samma uppl\u00e4gg tog F-yra kontakt med IFK Knislinge och N\u00f6jesmagazinet Scala , tillsammans arrangerade vi 2006 den f\u00f6rsta upplagan av Helge\u00e5festivalen som nu \u00e4r Time To Rock Festival.<\/p>\n<p>Det har tagit n\u00e5gra \u00e5r f\u00f6r r\u00f6tterna att f\u00e5 ordentligt f\u00e4ste. Men tack vare ideellt arbete tillsammans med god portion t\u00e5lamod s\u00e5 har vi skaffat oss ett gott anseende i musik-Sverige.<\/p>\n<p>Fr\u00e5n att vi 2006 f\u00f6rs\u00f6kte skramla ihop artister med hj\u00e4lp av kaffepengar s\u00e5 \u00e4r sitsen inf\u00f6r 2012 \u00e5rs festival l\u00e5ngt annorlunda.<br \/>\nIdag s\u00e5 beh\u00f6ver vi inte k\u00f6ra n\u00e5gra \u00f6vertalningskampanjer. Artisterna kommer i allt h\u00f6gre utstr\u00e4ckning till oss och ber om att f\u00e5 komma till Knislinge och spela. Detta tar vi som ett kvitto p\u00e5 att vi hela tiden varit p\u00e5 r\u00e4tt v\u00e4g.<br \/>\n2011 blev ett ordentligt lyft f\u00f6r festivalen d\u00e5 vi flyttade till v\u00e5rt nya omr\u00e5de i anslutning till Knislinge Folkets Park.<\/p>\n<p>D\u00e5 m\u00f6jligheten att boka Kim Larsen d\u00f6k upp fanns det ingen tvekan trots att han inte hade m\u00f6jlighet att spela just p\u00e5 dagen f\u00f6r festivalen. Vi la helt enkelt till en dag till festivalen.<\/p>\n<p><a href=\"http:\/\/www.helgeafestivalen.se\/\">www.timetorockfestival.se<\/a><\/p>\n<span class=\"fb_share\"><fb:like href=\"https:\/\/knislingefp.se\/?page_id=13\" layout=\"button_count\"><\/fb:like><\/span>","protected":false},"excerpt":{"rendered":"<p>Kulturf\u00f6reningen F-yra i Knislinge bildades 2006 med prim\u00e4rt syfte att anordna en musikfestival. En f\u00f6rlaga var det d\u00e5 sedan l\u00e4nge nerlagda \u201dHelge\u00e5-Rock\u201d. Ett arrangemang grundat av IFK Knislinge tillsammans med P\u00e4lle Fridlund, d\u00e5 som medlem i lokala gruppen Smens Baglomma. I syfte att anv\u00e4nda samma uppl\u00e4gg tog F-yra kontakt med IFK Knislinge och N\u00f6jesmagazinet Scala &hellip; <a href=\"https:\/\/knislingefp.se\/?page_id=13\" class=\"more-link\">Forts\u00e4tt l\u00e4sa <span class=\"screen-reader-text\">Time To Rock Festival<\/span> <span class=\"meta-nav\">&rarr;<\/span><\/a><\/p>\n","protected":false},"author":1,"featured_media":0,"parent":0,"menu_order":0,"comment_status":"closed","ping_status":"closed","template":"","meta":{"ngg_post_thumbnail":0,"jetpack_post_was_ever_published":false},"jetpack_shortlink":"https:\/\/wp.me\/P3h33M-d","jetpack_sharing_enabled":true,"_links":{"self":[{"href":"https:\/\/knislingefp.se\/index.php?rest_route=\/wp\/v2\/pages\/13"}],"collection":[{"href":"https:\/\/knislingefp.se\/index.php?rest_route=\/wp\/v2\/pages"}],"about":[{"href":"https:\/\/knislingefp.se\/index.php?rest_route=\/wp\/v2\/types\/page"}],"author":[{"embeddable":true,"href":"https:\/\/knislingefp.se\/index.php?rest_route=\/wp\/v2\/users\/1"}],"replies":[{"embeddable":true,"href":"https:\/\/knislingefp.se\/index.php?rest_route=%2Fwp%2Fv2%2Fcomments&post=13"}],"version-history":[{"count":3,"href":"https:\/\/knislingefp.se\/index.php?rest_route=\/wp\/v2\/pages\/13\/revisions"}],"predecessor-version":[{"id":1695,"href":"https:\/\/knislingefp.se\/index.php?rest_route=\/wp\/v2\/pages\/13\/revisions\/1695"}],"wp:attachment":[{"href":"https:\/\/knislingefp.se\/index.php?rest_route=%2Fwp%2Fv2%2Fmedia&parent=13"}],"curies":[{"name":"wp","href":"https:\/\/api.w.org\/{rel}","templated":true}]}}